{"id":240,"date":"2023-05-23T10:06:22","date_gmt":"2023-05-23T10:06:22","guid":{"rendered":"https:\/\/bebbizine.ch\/impressum-und-datenschutz\/"},"modified":"2023-05-31T13:22:10","modified_gmt":"2023-05-31T13:22:10","slug":"impressum-und-datenschutz","status":"publish","type":"page","link":"https:\/\/bebbizine.ch\/en\/impressum-und-datenschutz\/","title":{"rendered":"Impressum und Datenschutz"},"content":{"rendered":"\n<h2 class=\"wp-block-heading\">Imprint<\/h2>\n\n\n\n<p>Bebbi Zine, art fair edition 2023, is published in June 2023 to celebrate, promote, and connect the cultural scene of Basel.<br><br>Bebbi Zine received generous support from Basel Tourismus, Christoph Merian Stiftung, and Abteilung Kultur Basel-Stadt.<\/p>\n\n\n\n<p>PUBLISHED BY<br>Verein Bebbi Zine, c\/o Claudio Vogt, Entenweidstrasse 6, 4056 Basel<\/p>\n\n\n\n<p>EDITORS<br>Sina Gerschwiler, Samara Leite Walt, Chrissie Muhr, Kito Nedo (Managing Editor), Claudio Vogt (General Manager)<\/p>\n\n\n\n<p>AUTHORS<br>Naomi Gregoris, Samara Leite Walt, Chrissie Muhr, Kito Nedo, Beate Scheder, Claudio Vogt, Tinka von Schrei<\/p>\n\n\n\n<p>TRANSLATIONS<br>Simon Cowper \/ Tradukas GbR<\/p>\n\n\n\n<p>PROOFREADING<br>Stefanie Manthey (German), Rachel Walther (English)<\/p>\n\n\n\n<p>DESIGN<br>Sina Gerschwiler<\/p>\n\n\n\n<p>AD ACQUISITION<br>Claudio Vogt, ads@bebbizine.ch<\/p>\n\n\n\n<p>PHOTOGRAPHY<br>Pati Grabowicz, Jana Jenarin Beyerlein, Mark Peckmezian<\/p>\n\n\n\n<p>SOCIAL MEDIA&nbsp;<br>Lukas Zitzer \/ Original Content<\/p>\n\n\n\n<p>WEBSITE<br>onlineKarma<\/p>\n\n\n\n<p>DISTRIBUTION<br>Idil Mercan<\/p>\n\n\n\n<p>CONTACT<br>hello@bebbizine.ch, @bebbizine<\/p>\n\n\n\n<p>EDITORIAL DEADLINE<br>May 17, 2023<\/p>\n\n\n\n<p>All rights reserved. No part of this publication may be reproduced, stored in a retrieval system, or transmitted in any form or by any means, electronic, mechanical, photocopying, recording, or otherwise, without the prior permission of the publishers.<br><br><\/p>\n\n\n\n<h2 class=\"wp-block-heading\">Datenschutz<\/h2>\n\n\n\n<p>Die Betreiber dieser Seiten nehmen den Schutz Ihrer pers\u00f6nlichen Daten sehr ernst. Wir behandeln Ihre personenbezogenen Daten vertraulich und entsprechend der gesetzlichen Datenschutzvorschriften sowie dieser Datenschutzerkl\u00e4rung.<\/p>\n\n\n\n<p>Die Nutzung unserer Website ist in der Regel ohne Angabe personenbezogener Daten m\u00f6glich. Soweit auf unseren Seiten personenbezogene Daten (beispielsweise Name, Anschrift oder E-Mail-Adressen) erhoben werden, erfolgt dies stets auf freiwilliger Basis. Diese Daten werden gem\u00e4ss dieser Datenschutzerkl\u00e4rung teilweise an Dritte weitergegeben.<\/p>\n\n\n\n<p>Wir weisen darauf hin, dass die Daten\u00fcbertragung im Internet (z.B. bei der Kommunikation per E-Mail) Sicherheitsl\u00fccken aufweisen kann. Ein l\u00fcckenloser Schutz der Daten vor dem Zugriff durch Dritte ist nicht m\u00f6glich.<\/p>\n\n\n\n<p><strong>Cookies<\/strong><\/p>\n\n\n\n<p>Die Internetseiten verwenden teilweise so genannte Cookies. Cookies richten auf Ihrem Rechner keinen Schaden an und enthalten keine Viren. Cookies dienen dazu, unser Angebot nutzerfreundlicher, effektiver und sicherer zu machen. Cookies sind kleine Textdateien, die auf Ihrem Rechner abgelegt werden und die Ihr Browser speichert.<\/p>\n\n\n\n<p>Die meisten der von uns verwendeten Cookies sind so genannte \u201eSession-Cookies\u201c. Sie werden nach Ende Ihres Besuchs automatisch gel\u00f6scht. Andere Cookies bleiben auf Ihrem Endger\u00e4t gespeichert, bis Sie diese l\u00f6schen. Diese Cookies erm\u00f6glichen es uns, Ihren Browser beim n\u00e4chsten Besuch wiederzuerkennen.<\/p>\n\n\n\n<p>Sie k\u00f6nnen Ihren Browser so einstellen, dass Sie \u00fcber das Setzen von Cookies informiert werden und Cookies nur im Einzelfall erlauben, die Annahme von Cookies f\u00fcr bestimmte F\u00e4lle oder generell ausschlie\u00dfen sowie das automatische L\u00f6schen der Cookies beim Schlie\u00dfen des Browser aktivieren. Bei der Deaktivierung von Cookies kann die Funktionalit\u00e4t dieser Website eingeschr\u00e4nkt sein.<\/p>\n\n\n\n<p><strong>Hosting Provider &amp; Server-LogFiles<\/strong><\/p>\n\n\n\n<p>Der Provider der Seiten erhebt und speichert automatisch Informationen in so genannten Server-Log Files, die Ihr Browser automatisch an uns \u00fcbermittelt. Dies sind:<\/p>\n\n\n\n<p>-IP-Adresse<br>-Browsertyp und Browserversion<br>-verwendetes Betriebssystem<br>-Referrer URL<br>-Hostname des zugreifenden Rechners<br>-Uhrzeit der Serveranfrage<\/p>\n\n\n\n<p>Diese Daten sind nicht direkt bestimmten Personen zuordenbar. Eine Zusammenf\u00fchrung dieser Daten mit anderen Datenquellen wird nicht vorgenommen. Wir behalten uns vor, diese Daten nachtr\u00e4glich zu pr\u00fcfen, wenn uns konkrete Anhaltspunkte f\u00fcr eine rechtswidrige Nutzung bekannt werden.<\/p>\n\n\n\n<p class=\"has-vivid-red-color has-text-color\">Diese Daten sowie alle Daten dieser Website werden bei unserem Hosting-Provider Metanet, Josefstrasse 218, 8005 Z\u00fcrich, gespeichert, deren <a rel=\"noreferrer noopener\" href=\"https:\/\/www.cyon.ch\/legal\/privacy\" target=\"_blank\">Datenschutzerkl\u00e4rung Sie hier finden<\/a>.<\/p>\n\n\n\n<p><strong>SSL-Verschl\u00fcsselung<\/strong><\/p>\n\n\n\n<p>Diese Seite nutzt aus Gr\u00fcnden der Sicherheit und zum Schutz der \u00dcbertragung vertraulicher Inhalte, wie zum Beispiel der Anfragen, die Sie an uns als Seitenbetreiber senden, eine SSL-Verschl\u00fcsselung. Eine verschl\u00fcsselte Verbindung erkennen Sie daran, dass die Adresszeile des Browsers von \u201ehttp:\/\/\u201c auf \u201ehttps:\/\/\u201c wechselt und an dem Schloss-Symbol in Ihrer Browserzeile.<\/p>\n\n\n\n<p>Wenn die SSL Verschl\u00fcsselung aktiviert ist, k\u00f6nnen die Daten, die Sie an uns \u00fcbermitteln, nicht von Dritten mitgelesen werden.<\/p>\n\n\n\n<p><strong>Kontaktformular<\/strong><\/p>\n\n\n\n<p>Wenn Sie uns per Kontaktformular Anfragen zukommen lassen, werden Ihre Angaben aus dem Anfrageformular inklusive der von Ihnen dort angegebenen Kontaktdaten inklusive IP-Adresse zwecks Bearbeitung der Anfrage und f\u00fcr den Fall von Anschlussfragen bei uns gespeichert. Diese Daten geben wir nicht ohne Ihre Einwilligung weiter.<\/p>\n\n\n\n<p><strong>Newsletterdaten<\/strong><\/p>\n\n\n\n<p>Wenn Sie den auf der Website angebotenen Newsletter beziehen m\u00f6chten, ben\u00f6tigen wir von Ihnen eine E-Mail-Adresse sowie Informationen, welche uns die \u00dcberpr\u00fcfung gestatten, dass Sie der Inhaber der angegebenen E-Mail-Adresse sind und mit dem Empfang des Newsletters einverstanden sind.<\/p>\n\n\n\n<p>Diese Daten verwenden wir ausschlie\u00dflich f\u00fcr den Versand der angeforderten Informationen.<\/p>\n\n\n\n<p>Die erteilte Einwilligung zur Speicherung der Daten, der E-Mail-Adresse sowie deren Nutzung zum Versand des Newsletters k\u00f6nnen Sie jederzeit widerrufen, etwa \u00fcber den \u201eAustragen\u201c-Link im Newsletter.<\/p>\n\n\n\n<p>Die Anmeldungen zum Newsletter werden protokolliert, um den Anmeldeprozess entsprechend den rechtlichen Anforderungen nachweisen zu k\u00f6nnen. Hierzu geh\u00f6rt die Speicherung des Anmelde- und des Best\u00e4tigungszeitpunkts, als auch der IP-Adresse. Ebenso werden die \u00c4nderungen Ihrer bei MailChimp gespeicherten Daten protokolliert.<\/p>\n\n\n\n<p><strong>MailChimp<\/strong><\/p>\n\n\n\n<p>Der Versand der Newsletter erfolgt mittels \u201eMailChimp\u201c, einer Newsletterversandplattform des US-Anbieters Rocket Science Group, LLC, 675 Ponce De Leon Ave NE #5000, Atlanta, GA 30308, USA.<\/p>\n\n\n\n<p>Die E-Mail-Adressen unserer Newsletterempf\u00e4nger, als auch deren weitere, im Rahmen dieser Hinweise beschriebenen Daten, werden auf den Servern von MailChimp in den USA gespeichert. MailChimp verwendet diese Informationen zum Versand und zur Auswertung der Newsletter in unserem Auftrag. Des Weiteren kann MailChimp nach eigenen Informationen diese Daten zur Optimierung oder Verbesserung der eigenen Services nutzen, z.B. zur technischen Optimierung des Versandes und der Darstellung der Newsletter oder f\u00fcr wirtschaftliche Zwecke, um zu bestimmen aus welchen L\u00e4ndern die Empf\u00e4nger kommen. MailChimp nutzt die Daten unserer Newsletterempf\u00e4nger jedoch nicht, um diese selbst anzuschreiben oder an Dritte weiterzugeben.<\/p>\n\n\n\n<p>Wir vertrauen auf die Zuverl\u00e4ssigkeit und die IT- sowie Datensicherheit von MailChimp. MailChimp ist unter dem US-EU-Datenschutzabkommen \u201ePrivacy Shield\u201c zertifiziert und verpflichtet sich damit die EU-Datenschutzvorgaben einzuhalten. Des Weiteren haben wir mit MailChimp ein \u201eData-Processing-Agreement\u201c abgeschlossen. Dabei handelt es sich um einen Vertrag, in dem sich MailChimp dazu verpflichtet, die Daten unserer Nutzer zu sch\u00fctzen, entsprechend dessen Datenschutzbestimmungen in unserem Auftrag zu verarbeiten und insbesondere nicht an Dritte weiter zu geben. Die <a href=\"https:\/\/mailchimp.com\/legal\/privacy\/\">Datenschutzbestimmungen von MailChimp k\u00f6nnen Sie hier einsehen<\/a>.<\/p>\n\n\n\n<p><strong>Statistische Erhebung und Analysen<\/strong><\/p>\n\n\n\n<p>Die Newsletter enthalten einen sog. \u201eweb-beacon\u201c, d.h. eine pixelgro\u00dfe Datei, die beim \u00d6ffnen des Newsletters von dem Server von MailChimp abgerufen wird. Im Rahmen dieses Abrufs werden zun\u00e4chst technische Informationen, wie Informationen zum Browser und Ihrem System, als auch Ihre IP-Adresse und Zeitpunkt des Abrufs erhoben. Diese Informationen werden zur technischen Verbesserung der Services anhand der technischen Daten oder der Zielgruppen und ihres Leseverhaltens anhand derer Abruforte (die mit Hilfe der IP-Adresse bestimmbar sind) oder der Zugriffszeiten genutzt.<\/p>\n\n\n\n<p>Zu den statistischen Erhebungen geh\u00f6rt ebenfalls die Feststellung, ob die Newsletter ge\u00f6ffnet werden, wann sie ge\u00f6ffnet werden und welche Links geklickt werden. Diese Informationen k\u00f6nnen aus technischen Gr\u00fcnden zwar den einzelnen Newsletterempf\u00e4ngern zugeordnet werden. Es ist jedoch weder unser Bestreben, noch das von MailChimp, einzelne Nutzer zu beobachten. Die Auswertungen dienen uns viel mehr dazu, die Lesegewohnheiten unserer Nutzer zu erkennen und unsere Inhalte auf sie anzupassen oder unterschiedliche Inhalte entsprechend den Interessen unserer Nutzer zu versenden.<\/p>\n\n\n\n<p><strong>K\u00fcndigung\/Widerruf<\/strong><\/p>\n\n\n\n<p>Sie k\u00f6nnen den Empfang unseres Newsletters jederzeit k\u00fcndigen, d.h. Ihre Einwilligungen widerrufen. Damit erl\u00f6schen gleichzeitig Ihre Einwilligungen in dessen Versand via MailChimp und die statistischen Analysen. Ein getrennter Widerruf des Versandes via MailChimp oder der statistischen Auswertung ist leider nicht m\u00f6glich.<\/p>\n\n\n\n<p>Einen Link zur K\u00fcndigung des Newsletters finden Sie am Ende eines jeden Newsletters.<\/p>\n\n\n\n<p><strong>Rechtsgrundlagen Datenschutzgrundverordnung<\/strong><\/p>\n\n\n\n<p>Entsprechend den Vorgaben der ab dem 25. Mai 2018 geltenden Datenschutzgrundverordnung (DSGVO) informieren wir Sie, dass die Einwilligungen in den Versand der E-Mailadressen auf Grundlage der Art. 6 Abs. 1 lit. a, 7 DSGVO sowie \u00a7 7 Abs. 2 Nr. 3, bzw. Abs. 3 UWG erfolgt. Der Einsatz des Versanddienstleisters MailChimp, Durchf\u00fchrung der statistischen Erhebungen und Analysen sowie Protokollierung des Anmeldeverfahrens, erfolgen auf Grundlage unserer berechtigten Interessen gem. Art. 6 Abs. 1 lit. f DSGVO. Unser Interesse richtet sich auf den Einsatz eines nutzerfreundlichen sowie sicheren Newslettersystems, das sowohl unseren gesch\u00e4ftlichen Interessen dient, als auch den Erwartungen der Nutzer entspricht.<\/p>\n\n\n\n<p><strong>Google Analytics<\/strong><\/p>\n\n\n\n<p>Diese Website nutzt Funktionen des Webanalysedienstes Google Analytics. Anbieter ist die Google Inc., 1600 Amphitheatre Parkway Mountain View, CA 94043, USA.<\/p>\n\n\n\n<p>Google Analytics verwendet so genannte \u201eCookies\u201c. Das sind Textdateien, die auf Ihrem Computer gespeichert werden und die eine Analyse der Benutzung der Website durch Sie erm\u00f6glichen. Die durch den Cookie erzeugten Informationen \u00fcber Ihre Benutzung dieser Website werden in der Regel an einen Server von Google in den USA \u00fcbertragen und dort gespeichert.<\/p>\n\n\n\n<p>IP Anonymisierung<\/p>\n\n\n\n<p>Wir haben auf dieser Website die Funktion IP-Anonymisierung aktiviert. Dadurch wird Ihre IP-Adresse von Google innerhalb von Mitgliedstaaten der Europ\u00e4ischen Union oder in anderen Vertragsstaaten des Abkommens \u00fcber den Europ\u00e4ischen Wirtschaftsraum vor der \u00dcbermittlung in die USA gek\u00fcrzt. Nur in Ausnahmef\u00e4llen wird die volle IP-Adresse an einen Server von Google in den USA \u00fcbertragen und dort gek\u00fcrzt. Im Auftrag des Betreibers dieser Website wird Google diese Informationen benutzen, um Ihre Nutzung der Website auszuwerten, um Reports \u00fcber die Websiteaktivit\u00e4ten zusammenzustellen und um weitere mit der Websitenutzung und der Internetnutzung verbundene Dienstleistungen gegen\u00fcber dem Websitebetreiber zu erbringen. Die im Rahmen von Google Analytics von Ihrem Browser \u00fcbermittelte IP-Adresse wird nicht mit anderen Daten von Google zusammengef\u00fchrt.<\/p>\n\n\n\n<p>Browser Plugin (Opt-out)<\/p>\n\n\n\n<p>Sie k\u00f6nnen die Speicherung der Cookies durch eine entsprechende Einstellung Ihrer Browser-Software verhindern; wir weisen Sie jedoch darauf hin, dass Sie in diesem Fall gegebenenfalls nicht s\u00e4mtliche Funktionen dieser Website vollumf\u00e4nglich werden nutzen k\u00f6nnen. Sie k\u00f6nnen dar\u00fcber hinaus die Erfassung der durch den Cookie erzeugten und auf Ihre Nutzung der Website bezogenen Daten (inkl. Ihrer IP-Adresse) an Google sowie die Verarbeitung dieser Daten durch Google verhindern, indem Sie das unter dem folgenden Link verf\u00fcgbare Browser-Plugin herunterladen und installieren: <a href=\"https:\/\/tools.google.com\/dlpage\/gaoptout?hl=de\">https:\/\/tools.google.com\/dlpage\/gaoptout?hl=de<\/a><\/p>\n\n\n\n<p>Mehr Informationen zum Umgang mit Nutzerdaten bei Google Analytics finden Sie in der Datenschutzerkl\u00e4rung von Google: <a href=\"https:\/\/support.google.com\/analytics\/answer\/6004245?hl=de\">https:\/\/support.google.com\/analytics\/answer\/6004245?hl=de<\/a><\/p>\n\n\n\n<p><strong>Recht auf Auskunft, L\u00f6schung, Sperrung<\/strong><\/p>\n\n\n\n<p>Sie haben jederzeit das Recht auf unentgeltliche Auskunft \u00fcber Ihre gespeicherten personenbezogenen Daten, deren Herkunft und Empf\u00e4nger und den Zweck der Datenverarbeitung sowie ein Recht auf Berichtigung, Sperrung oder L\u00f6schung dieser Daten. Hierzu sowie zu weiteren Fragen zum Thema personenbezogene Daten k\u00f6nnen Sie sich jederzeit unter der im Impressum angegebenen Adresse an uns wenden.<br><\/p>\n","protected":false},"excerpt":{"rendered":"<p>Imprint Bebbi Zine, art fair edition 2023, is published in June 2023 to celebrate, promote, and connect the cultural scene of Basel. Bebbi Zine received generous support from Basel Tourismus, Christoph Merian Stiftung, and Abteilung Kultur Basel-Stadt. PUBLISHED BYVerein Bebbi Zine, c\/o Claudio Vogt, Entenweidstrasse 6, 4056 Basel EDITORSSina Gerschwiler, Samara Leite Walt, Chrissie Muhr, [&hellip;]<\/p>\n","protected":false},"author":1,"featured_media":0,"parent":0,"menu_order":0,"comment_status":"closed","ping_status":"closed","template":"","meta":{"_acf_changed":false,"footnotes":""},"class_list":["post-240","page","type-page","status-publish","hentry"],"acf":[],"yoast_head":"<!-- This site is optimized with the Yoast SEO plugin v27.4 - https:\/\/yoast.com\/product\/yoast-seo-wordpress\/ -->\n<title>Impressum und Datenschutz - Bebbi Zine<\/title>\n<meta name=\"robots\" content=\"index, follow, max-snippet:-1, max-image-preview:large, max-video-preview:-1\" \/>\n<link rel=\"canonical\" href=\"https:\/\/bebbizine.ch\/en\/impressum-und-datenschutz\/\" \/>\n<meta property=\"og:locale\" content=\"en_US\" \/>\n<meta property=\"og:type\" content=\"article\" \/>\n<meta property=\"og:title\" content=\"Impressum und Datenschutz - Bebbi Zine\" \/>\n<meta property=\"og:description\" content=\"Imprint Bebbi Zine, art fair edition 2023, is published in June 2023 to celebrate, promote, and connect the cultural scene of Basel. Bebbi Zine received generous support from Basel Tourismus, Christoph Merian Stiftung, and Abteilung Kultur Basel-Stadt. PUBLISHED BYVerein Bebbi Zine, c\/o Claudio Vogt, Entenweidstrasse 6, 4056 Basel EDITORSSina Gerschwiler, Samara Leite Walt, Chrissie Muhr, [&hellip;]\" \/>\n<meta property=\"og:url\" content=\"https:\/\/bebbizine.ch\/en\/impressum-und-datenschutz\/\" \/>\n<meta property=\"og:site_name\" content=\"Bebbi Zine\" \/>\n<meta property=\"article:modified_time\" content=\"2023-05-31T13:22:10+00:00\" \/>\n<meta name=\"twitter:card\" content=\"summary_large_image\" \/>\n<meta name=\"twitter:label1\" content=\"Est. reading time\" \/>\n\t<meta name=\"twitter:data1\" content=\"8 minutes\" \/>\n<script type=\"application\/ld+json\" class=\"yoast-schema-graph\">{\"@context\":\"https:\\\/\\\/schema.org\",\"@graph\":[{\"@type\":\"WebPage\",\"@id\":\"https:\\\/\\\/bebbizine.ch\\\/en\\\/impressum-und-datenschutz\\\/\",\"url\":\"https:\\\/\\\/bebbizine.ch\\\/en\\\/impressum-und-datenschutz\\\/\",\"name\":\"Impressum und Datenschutz - Bebbi Zine\",\"isPartOf\":{\"@id\":\"https:\\\/\\\/bebbizine.ch\\\/#website\"},\"datePublished\":\"2023-05-23T10:06:22+00:00\",\"dateModified\":\"2023-05-31T13:22:10+00:00\",\"breadcrumb\":{\"@id\":\"https:\\\/\\\/bebbizine.ch\\\/en\\\/impressum-und-datenschutz\\\/#breadcrumb\"},\"inLanguage\":\"en-US\",\"potentialAction\":[{\"@type\":\"ReadAction\",\"target\":[\"https:\\\/\\\/bebbizine.ch\\\/en\\\/impressum-und-datenschutz\\\/\"]}]},{\"@type\":\"BreadcrumbList\",\"@id\":\"https:\\\/\\\/bebbizine.ch\\\/en\\\/impressum-und-datenschutz\\\/#breadcrumb\",\"itemListElement\":[{\"@type\":\"ListItem\",\"position\":1,\"name\":\"Home\",\"item\":\"https:\\\/\\\/bebbizine.ch\\\/en\\\/\"},{\"@type\":\"ListItem\",\"position\":2,\"name\":\"Impressum und Datenschutz\"}]},{\"@type\":\"WebSite\",\"@id\":\"https:\\\/\\\/bebbizine.ch\\\/#website\",\"url\":\"https:\\\/\\\/bebbizine.ch\\\/\",\"name\":\"Bebbi Zine\",\"description\":\"Wir stellen vierzig Basler Kunstliebhaber:innen vor\",\"publisher\":{\"@id\":\"https:\\\/\\\/bebbizine.ch\\\/#organization\"},\"potentialAction\":[{\"@type\":\"SearchAction\",\"target\":{\"@type\":\"EntryPoint\",\"urlTemplate\":\"https:\\\/\\\/bebbizine.ch\\\/?s={search_term_string}\"},\"query-input\":{\"@type\":\"PropertyValueSpecification\",\"valueRequired\":true,\"valueName\":\"search_term_string\"}}],\"inLanguage\":\"en-US\"},{\"@type\":\"Organization\",\"@id\":\"https:\\\/\\\/bebbizine.ch\\\/#organization\",\"name\":\"Bebbi Zine\",\"url\":\"https:\\\/\\\/bebbizine.ch\\\/\",\"logo\":{\"@type\":\"ImageObject\",\"inLanguage\":\"en-US\",\"@id\":\"https:\\\/\\\/bebbizine.ch\\\/#\\\/schema\\\/logo\\\/image\\\/\",\"url\":\"https:\\\/\\\/bebbizine.ch\\\/wp-content\\\/uploads\\\/2023\\\/05\\\/logo.png\",\"contentUrl\":\"https:\\\/\\\/bebbizine.ch\\\/wp-content\\\/uploads\\\/2023\\\/05\\\/logo.png\",\"width\":1001,\"height\":177,\"caption\":\"Bebbi Zine\"},\"image\":{\"@id\":\"https:\\\/\\\/bebbizine.ch\\\/#\\\/schema\\\/logo\\\/image\\\/\"}}]}<\/script>\n<!-- \/ Yoast SEO plugin. -->","yoast_head_json":{"title":"Impressum und Datenschutz - Bebbi Zine","robots":{"index":"index","follow":"follow","max-snippet":"max-snippet:-1","max-image-preview":"max-image-preview:large","max-video-preview":"max-video-preview:-1"},"canonical":"https:\/\/bebbizine.ch\/en\/impressum-und-datenschutz\/","og_locale":"en_US","og_type":"article","og_title":"Impressum und Datenschutz - Bebbi Zine","og_description":"Imprint Bebbi Zine, art fair edition 2023, is published in June 2023 to celebrate, promote, and connect the cultural scene of Basel. Bebbi Zine received generous support from Basel Tourismus, Christoph Merian Stiftung, and Abteilung Kultur Basel-Stadt. PUBLISHED BYVerein Bebbi Zine, c\/o Claudio Vogt, Entenweidstrasse 6, 4056 Basel EDITORSSina Gerschwiler, Samara Leite Walt, Chrissie Muhr, [&hellip;]","og_url":"https:\/\/bebbizine.ch\/en\/impressum-und-datenschutz\/","og_site_name":"Bebbi Zine","article_modified_time":"2023-05-31T13:22:10+00:00","twitter_card":"summary_large_image","twitter_misc":{"Est. reading time":"8 minutes"},"schema":{"@context":"https:\/\/schema.org","@graph":[{"@type":"WebPage","@id":"https:\/\/bebbizine.ch\/en\/impressum-und-datenschutz\/","url":"https:\/\/bebbizine.ch\/en\/impressum-und-datenschutz\/","name":"Impressum und Datenschutz - Bebbi Zine","isPartOf":{"@id":"https:\/\/bebbizine.ch\/#website"},"datePublished":"2023-05-23T10:06:22+00:00","dateModified":"2023-05-31T13:22:10+00:00","breadcrumb":{"@id":"https:\/\/bebbizine.ch\/en\/impressum-und-datenschutz\/#breadcrumb"},"inLanguage":"en-US","potentialAction":[{"@type":"ReadAction","target":["https:\/\/bebbizine.ch\/en\/impressum-und-datenschutz\/"]}]},{"@type":"BreadcrumbList","@id":"https:\/\/bebbizine.ch\/en\/impressum-und-datenschutz\/#breadcrumb","itemListElement":[{"@type":"ListItem","position":1,"name":"Home","item":"https:\/\/bebbizine.ch\/en\/"},{"@type":"ListItem","position":2,"name":"Impressum und Datenschutz"}]},{"@type":"WebSite","@id":"https:\/\/bebbizine.ch\/#website","url":"https:\/\/bebbizine.ch\/","name":"Bebbi Zine","description":"Wir stellen vierzig Basler Kunstliebhaber:innen vor","publisher":{"@id":"https:\/\/bebbizine.ch\/#organization"},"potentialAction":[{"@type":"SearchAction","target":{"@type":"EntryPoint","urlTemplate":"https:\/\/bebbizine.ch\/?s={search_term_string}"},"query-input":{"@type":"PropertyValueSpecification","valueRequired":true,"valueName":"search_term_string"}}],"inLanguage":"en-US"},{"@type":"Organization","@id":"https:\/\/bebbizine.ch\/#organization","name":"Bebbi Zine","url":"https:\/\/bebbizine.ch\/","logo":{"@type":"ImageObject","inLanguage":"en-US","@id":"https:\/\/bebbizine.ch\/#\/schema\/logo\/image\/","url":"https:\/\/bebbizine.ch\/wp-content\/uploads\/2023\/05\/logo.png","contentUrl":"https:\/\/bebbizine.ch\/wp-content\/uploads\/2023\/05\/logo.png","width":1001,"height":177,"caption":"Bebbi Zine"},"image":{"@id":"https:\/\/bebbizine.ch\/#\/schema\/logo\/image\/"}}]}},"_links":{"self":[{"href":"https:\/\/bebbizine.ch\/en\/wp-json\/wp\/v2\/pages\/240","targetHints":{"allow":["GET"]}}],"collection":[{"href":"https:\/\/bebbizine.ch\/en\/wp-json\/wp\/v2\/pages"}],"about":[{"href":"https:\/\/bebbizine.ch\/en\/wp-json\/wp\/v2\/types\/page"}],"author":[{"embeddable":true,"href":"https:\/\/bebbizine.ch\/en\/wp-json\/wp\/v2\/users\/1"}],"replies":[{"embeddable":true,"href":"https:\/\/bebbizine.ch\/en\/wp-json\/wp\/v2\/comments?post=240"}],"version-history":[{"count":5,"href":"https:\/\/bebbizine.ch\/en\/wp-json\/wp\/v2\/pages\/240\/revisions"}],"predecessor-version":[{"id":379,"href":"https:\/\/bebbizine.ch\/en\/wp-json\/wp\/v2\/pages\/240\/revisions\/379"}],"wp:attachment":[{"href":"https:\/\/bebbizine.ch\/en\/wp-json\/wp\/v2\/media?parent=240"}],"curies":[{"name":"wp","href":"https:\/\/api.w.org\/{rel}","templated":true}]}}